{"id":110913,"date":"2021-11-21T10:29:18","date_gmt":"2021-11-21T08:29:18","guid":{"rendered":"https:\/\/www.villanova.fi\/bergsglantan\/"},"modified":"2025-09-17T09:40:34","modified_gmt":"2025-09-17T07:40:34","slug":"bergsglantan","status":"publish","type":"page","link":"https:\/\/www.villanova.fi\/fi\/bergsglantan\/","title":{"rendered":"Bergsgl\u00e4ntan"},"content":{"rendered":"<div class=\"wpb-content-wrapper\"><p>[vc_row row_height_percent=&#8221;100&#8243; back_image=&#8221;103598&#8243; overlay_alpha=&#8221;50&#8243; gutter_size=&#8221;3&#8243; column_width_percent=&#8221;100&#8243; shift_y=&#8221;0&#8243; z_index=&#8221;0&#8243; uncode_shortcode_id=&#8221;998796&#8243;][vc_column column_width_percent=&#8221;100&#8243; position_vertical=&#8221;middle&#8221; align_horizontal=&#8221;align_center&#8221; gutter_size=&#8221;3&#8243; overlay_alpha=&#8221;50&#8243; shift_x=&#8221;0&#8243; shift_y=&#8221;0&#8243; shift_y_down=&#8221;0&#8243; z_index=&#8221;0&#8243; medium_width=&#8221;0&#8243; mobile_width=&#8221;0&#8243; width=&#8221;1\/1&#8243; uncode_shortcode_id=&#8221;113132&#8243;][vc_custom_heading text_color=&#8221;color-493185&#8243; text_size=&#8221;bigtext&#8221; uncode_shortcode_id=&#8221;138563&#8243; text_color_type=&#8221;uncode-palette&#8221;]Bergsgl\u00e4ntan[\/vc_custom_heading][vc_custom_heading text_color=&#8221;color-493185&#8243; heading_semantic=&#8221;h4&#8243; text_weight=&#8221;400&#8243; uncode_shortcode_id=&#8221;133372&#8243; text_color_type=&#8221;uncode-palette&#8221;]Ty\u00f6skentelemme aktiivisesti positiivisen vahvistamisen parissa arjessa![\/vc_custom_heading][vc_empty_space empty_h=&#8221;2&#8243;][\/vc_column][\/vc_row][vc_row unlock_row_content=&#8221;yes&#8221; row_height_percent=&#8221;0&#8243; override_padding=&#8221;yes&#8221; h_padding=&#8221;5&#8243; top_padding=&#8221;5&#8243; bottom_padding=&#8221;5&#8243; back_color=&#8221;color-493185&#8243; overlay_alpha=&#8221;50&#8243; equal_height=&#8221;yes&#8221; gutter_size=&#8221;4&#8243; column_width_percent=&#8221;100&#8243; shift_y=&#8221;0&#8243; z_index=&#8221;0&#8243; inverted_device_order=&#8221;yes&#8221; uncode_shortcode_id=&#8221;134585&#8243; back_color_type=&#8221;uncode-palette&#8221;][vc_column column_width_use_pixel=&#8221;yes&#8221; position_horizontal=&#8221;right&#8221; position_vertical=&#8221;middle&#8221; gutter_size=&#8221;2&#8243; override_padding=&#8221;yes&#8221; column_padding=&#8221;0&#8243; font_family=&#8221;font-613363&#8243; overlay_alpha=&#8221;50&#8243; shift_x=&#8221;0&#8243; shift_y=&#8221;0&#8243; shift_y_down=&#8221;0&#8243; z_index=&#8221;2&#8243; medium_width=&#8221;0&#8243; mobile_width=&#8221;0&#8243; css_animation=&#8221;alpha-anim&#8221; animation_speed=&#8221;1000&#8243; animation_delay=&#8221;200&#8243; width=&#8221;1\/2&#8243; uncode_shortcode_id=&#8221;720121&#8243; column_width_pixel=&#8221;622&#8243;][vc_custom_heading text_color=&#8221;color-107744&#8243; heading_semantic=&#8221;h5&#8243; text_size=&#8221;h3&#8243; text_transform=&#8221;uppercase&#8221; uncode_shortcode_id=&#8221;549255&#8243; text_color_type=&#8221;uncode-palette&#8221;]Tervetuloa Lastensuojeluyksikk\u00f6 Bergsgl\u00e4ntaniin[\/vc_custom_heading][vc_custom_heading text_size=&#8221;h5&#8243; text_weight=&#8221;400&#8243; uncode_shortcode_id=&#8221;162494&#8243;]Lastensuojeluyksikk\u00f6 Bergsgl\u00e4ntan on turvallinen ja kodinomainen ymp\u00e4rist\u00f6, joka sijaitsee<br \/>rauhallisessa asuinalueessa Pietarsaaressa, luonnon ymp\u00e4r\u00f6im\u00e4n\u00e4. Yksikk\u00f6 avattiin alkuvuodesta<br \/>2021 ja se on erityisesti suunniteltu tukemaan nuorten hyvinvointia ja turvallisuutta. Sitoutunut<br \/>henkil\u00f6kuntamme ty\u00f6skentelee p\u00e4ivitt\u00e4in luodakseen l\u00e4mpim\u00e4n ilmapiirin, jossa nuoret tuntevat<br \/>olonsa n\u00e4hdyiksi, kuulluiksi ja turvallisiksi.  <\/p>\n<p>&nbsp;<\/p>\n<p>Otamme vastaan lapsia ja nuoria ik\u00e4ryhm\u00e4ss\u00e4 10\u201317 vuotta, ja henkil\u00f6kunnallamme on pitk\u00e4<br \/>kokemus nuorten ty\u00f6skentelyst\u00e4, joilla on neuropsykiatrisia toimintarajoitteita, mielenterveysongelmia, kriisitilanteita ja muita haasteita. Monialainen ty\u00f6ryhm\u00e4mme koostuu sosionomeista, l\u00e4hihoitajista ja opettajasta \u2013 kaikki nuorten ainutlaatuisten tarpeiden t\u00e4ytt\u00e4miseksi. Meill\u00e4 on my\u00f6s oma sairaanhoitaja, joka vastaa l\u00e4\u00e4kinn\u00e4llisest\u00e4 hoidosta, sek\u00e4 oma l\u00e4\u00e4k\u00e4ri, jota k\u00e4ytet\u00e4\u00e4n tarpeen mukaan.  [\/vc_custom_heading][\/vc_column][vc_column column_width_percent=&#8221;100&#8243; gutter_size=&#8221;3&#8243; overlay_alpha=&#8221;50&#8243; shift_x=&#8221;0&#8243; shift_y=&#8221;0&#8243; shift_y_down=&#8221;0&#8243; z_index=&#8221;0&#8243; medium_width=&#8221;0&#8243; mobile_width=&#8221;0&#8243; css_animation=&#8221;right-t-left&#8221; animation_speed=&#8221;1000&#8243; width=&#8221;1\/2&#8243; uncode_shortcode_id=&#8221;302351&#8243;][vc_single_image media=&#8221;103403&#8243; media_width_percent=&#8221;100&#8243; media_ratio=&#8221;four-three&#8221; alignment=&#8221;right&#8221; shape=&#8221;img-round&#8221; radius=&#8221;xs&#8221; custom_cursor=&#8221;accent&#8221; uncode_shortcode_id=&#8221;428427&#8243; media_link=&#8221;url:#|title:Services%20Business&#8221;][\/vc_column][\/vc_row][vc_row row_height_percent=&#8221;0&#8243; override_padding=&#8221;yes&#8221; h_padding=&#8221;2&#8243; top_padding=&#8221;5&#8243; bottom_padding=&#8221;5&#8243; back_color=&#8221;color-772760&#8243; overlay_alpha=&#8221;50&#8243; equal_height=&#8221;yes&#8221; gutter_size=&#8221;4&#8243; column_width_percent=&#8221;100&#8243; shift_y=&#8221;0&#8243; z_index=&#8221;0&#8243; uncode_shortcode_id=&#8221;196647&#8243; back_color_type=&#8221;uncode-palette&#8221;][vc_column column_width_percent=&#8221;100&#8243; align_horizontal=&#8221;align_center&#8221; gutter_size=&#8221;2&#8243; overlay_alpha=&#8221;50&#8243; shift_x=&#8221;0&#8243; shift_y=&#8221;0&#8243; shift_y_down=&#8221;0&#8243; z_index=&#8221;0&#8243; medium_width=&#8221;4&#8243; mobile_width=&#8221;0&#8243; width=&#8221;1\/1&#8243; uncode_shortcode_id=&#8221;975531&#8243;][vc_custom_heading text_color=&#8221;color-493185&#8243; heading_semantic=&#8221;h5&#8243; text_size=&#8221;h3&#8243; text_transform=&#8221;uppercase&#8221; uncode_shortcode_id=&#8221;176416&#8243; text_color_type=&#8221;uncode-palette&#8221;]<strong>Ty\u00f6tapaamme \u2013 Yksil\u00f6llinen ja kokonaisvaltainen l\u00e4hestymistapa<\/strong>[\/vc_custom_heading][vc_custom_heading text_color=&#8221;color-493185&#8243; heading_semantic=&#8221;h3&#8243; text_size=&#8221;h5&#8243; text_weight=&#8221;400&#8243; uncode_shortcode_id=&#8221;714337&#8243; text_color_type=&#8221;uncode-palette&#8221;]Ty\u00f6skentelemme yksil\u00f6llisesti keskittyen joka nuoren vahvuuksiin ja resursseihin. Selkeiden<br \/>rakenteiden, rutiinien ja turvallisten suhteiden avulla luomme vakaan perustan kehitykselle. Omahoitaja-rooli on keskeinen osa menetelm\u00e4\u00e4mme \u2013 jokaiselle nuorelle nimet\u00e4\u00e4n vastuullinen aikuinen, joka toimii heid\u00e4n tukena arjessa.  <\/p>\n<p>&nbsp;<\/p>\n<p>T\u00e4m\u00e4 suhde on t\u00e4rke\u00e4 luottamuksen ja turvallisuuden rakentamiseksi ajan my\u00f6t\u00e4.[\/vc_custom_heading][vc_empty_space][vc_custom_heading text_color=&#8221;color-493185&#8243; text_size=&#8221;h5&#8243; text_weight=&#8221;400&#8243; uncode_shortcode_id=&#8221;150831&#8243; text_color_type=&#8221;uncode-palette&#8221;]<strong>Toimintamme keskittyy:<\/strong><\/p>\n<ul>\n<li style=\"text-align: left;\">Turvallisuuden luomiseen ennakoitavalla arjella ja vakioiduilla k\u00e4yt\u00e4nn\u00f6ill\u00e4<\/li>\n<li style=\"text-align: left;\">Pitk\u00e4aikaisten suhteiden rakentamiseen luottamuksen pohjaksi<\/li>\n<li style=\"text-align: left;\">Nuoren itsetunnon, itseluottamuksen ja itsen\u00e4isyyden vahvistamiseen<\/li>\n<li style=\"text-align: left;\">Sosiaalisten taitojen, vastuullisuuden ja empatian edist\u00e4miseen<\/li>\n<\/ul>\n<p>[\/vc_custom_heading][\/vc_column][\/vc_row][vc_row unlock_row_content=&#8221;yes&#8221; row_height_percent=&#8221;0&#8243; override_padding=&#8221;yes&#8221; h_padding=&#8221;5&#8243; top_padding=&#8221;5&#8243; bottom_padding=&#8221;5&#8243; back_color=&#8221;color-493185&#8243; overlay_alpha=&#8221;50&#8243; equal_height=&#8221;yes&#8221; gutter_size=&#8221;4&#8243; column_width_percent=&#8221;100&#8243; shift_y=&#8221;0&#8243; z_index=&#8221;0&#8243; uncode_shortcode_id=&#8221;182949&#8243; back_color_type=&#8221;uncode-palette&#8221;][vc_column column_width_percent=&#8221;100&#8243; gutter_size=&#8221;3&#8243; overlay_alpha=&#8221;50&#8243; shift_x=&#8221;0&#8243; shift_y=&#8221;0&#8243; shift_y_down=&#8221;0&#8243; z_index=&#8221;0&#8243; medium_width=&#8221;0&#8243; mobile_width=&#8221;0&#8243; css_animation=&#8221;left-t-right&#8221; animation_speed=&#8221;1000&#8243; width=&#8221;1\/2&#8243; uncode_shortcode_id=&#8221;130545&#8243;][vc_single_image media=&#8221;103489&#8243; media_width_percent=&#8221;100&#8243; media_ratio=&#8221;four-three&#8221; shape=&#8221;img-round&#8221; radius=&#8221;xs&#8221; custom_cursor=&#8221;accent&#8221; uncode_shortcode_id=&#8221;120199&#8243; media_link=&#8221;url:#|title:About%20Business&#8221;][\/vc_column][vc_column column_width_use_pixel=&#8221;yes&#8221; position_horizontal=&#8221;left&#8221; position_vertical=&#8221;middle&#8221; gutter_size=&#8221;2&#8243; override_padding=&#8221;yes&#8221; column_padding=&#8221;0&#8243; style=&#8221;light&#8221; overlay_alpha=&#8221;50&#8243; shift_x=&#8221;0&#8243; shift_y=&#8221;0&#8243; shift_y_down=&#8221;0&#8243; z_index=&#8221;2&#8243; medium_width=&#8221;0&#8243; mobile_width=&#8221;0&#8243; css_animation=&#8221;alpha-anim&#8221; animation_speed=&#8221;1000&#8243; animation_delay=&#8221;200&#8243; width=&#8221;1\/2&#8243; uncode_shortcode_id=&#8221;143483&#8243; column_width_pixel=&#8221;622&#8243;][vc_custom_heading text_color=&#8221;color-641258&#8243; heading_semantic=&#8221;h5&#8243; text_transform=&#8221;uppercase&#8221; uncode_shortcode_id=&#8221;119607&#8243; text_color_type=&#8221;uncode-palette&#8221;]<strong>Luonto ty\u00f6kaluna<\/strong>[\/vc_custom_heading][vc_custom_heading text_color=&#8221;color-641258&#8243; heading_semantic=&#8221;h3&#8243; text_size=&#8221;h5&#8243; text_weight=&#8221;400&#8243; uncode_shortcode_id=&#8221;125165&#8243; text_color_type=&#8221;uncode-palette&#8221;]N\u00e4emme luonnon yhten\u00e4 t\u00e4rkeimmist\u00e4 ty\u00f6kaluistamme p\u00e4ivitt\u00e4isess\u00e4 ty\u00f6ss\u00e4. Ulko-opetuksen,<br \/>ulkoilmaaktiviteettien, mets\u00e4vaellusten, kalastuksen, puutarhanhoidon ja el\u00e4interapeuttien kanssa yhteisty\u00f6n kautta luomme merkityksellisi\u00e4 yhteyksi\u00e4, jotka vahvistavat nuorten mielenterveytt\u00e4,<br \/>itsetuntoa ja vastuullisuutta. El\u00e4imet auttavat rakentamaan suhteita, v\u00e4hent\u00e4m\u00e4\u00e4n stressi\u00e4 ja<br \/>edist\u00e4m\u00e4\u00e4n empatiaa ja turvallisuutta.  [\/vc_custom_heading][vc_empty_space][vc_custom_heading text_color=&#8221;color-641258&#8243; heading_semantic=&#8221;h3&#8243; text_size=&#8221;h5&#8243; text_weight=&#8221;400&#8243; uncode_shortcode_id=&#8221;163634&#8243; text_color_type=&#8221;uncode-palette&#8221;]<strong>Tarjoamme muun muassa:<\/strong><\/p>\n<ul>\n<li>Yksil\u00f6llist\u00e4 hoitoa nuoren omiin resursseihin keskittyen<\/li>\n<li>Koulutukea ja motivoivia toimenpiteit\u00e4<\/li>\n<li>Selke\u00e4n rakenteen ja turvallista arkea<\/li>\n<li>Ulko-opetusta ja ulkoilutoimintaa ymp\u00e4ri vuoden<\/li>\n<li>Merkityksellisi\u00e4 vapaa-ajanaktiviteetteja ja sosiaalista yhteis\u00f6\u00e4<\/li>\n<li>Hevoshoitoa ja yhteisty\u00f6t\u00e4 el\u00e4interapeuttien kanssa<\/li>\n<\/ul>\n<p>[\/vc_custom_heading][\/vc_column][\/vc_row][vc_row unlock_row_content=&#8221;yes&#8221; row_height_percent=&#8221;0&#8243; override_padding=&#8221;yes&#8221; h_padding=&#8221;5&#8243; top_padding=&#8221;0&#8243; bottom_padding=&#8221;5&#8243; back_color=&#8221;color-493185&#8243; overlay_alpha=&#8221;100&#8243; gutter_size=&#8221;100&#8243; column_width_percent=&#8221;100&#8243; shift_y=&#8221;0&#8243; z_index=&#8221;0&#8243; style=&#8221;inherited&#8221; uncode_shortcode_id=&#8221;133688&#8243; back_color_type=&#8221;uncode-palette&#8221;][vc_column column_width_percent=&#8221;100&#8243; gutter_size=&#8221;3&#8243; style=&#8221;light&#8221; overlay_alpha=&#8221;50&#8243; shift_x=&#8221;0&#8243; shift_y=&#8221;0&#8243; shift_y_down=&#8221;0&#8243; z_index=&#8221;0&#8243; medium_width=&#8221;0&#8243; mobile_width=&#8221;0&#8243; width=&#8221;1\/1&#8243; uncode_shortcode_id=&#8221;100323&#8243;][vc_empty_space empty_h=&#8221;2&#8243;][vc_custom_heading text_color=&#8221;color-107744&#8243; text_size=&#8221;h5&#8243; uncode_shortcode_id=&#8221;239570&#8243; text_color_type=&#8221;uncode-palette&#8221;]BERGSGL\u00c4NTANIN HENKIL\u00d6KUNTA[\/vc_custom_heading][vc_gallery el_id=&#8221;gallery-3184678&#8243; medias=&#8221;103238,103234,103865,103231,103232,103235,103244,103861,110733,110753,110734,110735,110736&#8243; gutter_size=&#8221;4&#8243; media_items=&#8221;media|nolink|original,title,caption,description,sep-one|full,team-social&#8221; screen_lg=&#8221;1000&#8243; screen_md=&#8221;600&#8243; screen_sm=&#8221;480&#8243; single_text=&#8221;under&#8221; single_width=&#8221;3&#8243; images_size=&#8221;one-one&#8221; single_shape=&#8221;round&#8221; radius=&#8221;xs&#8221; single_overlay_opacity=&#8221;50&#8243; single_overlay_anim=&#8221;no&#8221; single_text_anim=&#8221;no&#8221; single_image_anim=&#8221;no&#8221; single_h_align=&#8221;center&#8221; single_padding=&#8221;2&#8243; single_title_dimension=&#8221;h5&#8243; single_title_weight=&#8221;700&#8243; single_border=&#8221;yes&#8221; carousel_rtl=&#8221;&#8221; single_half_padding=&#8221;yes&#8221; single_title_uppercase=&#8221;&#8221; single_title_serif=&#8221;&#8221; single_no_background=&#8221;yes&#8221; items=&#8221;eyIxMzc2M19pIjp7InNpbmdsZV9saW5rIjoidXJsOmh0dHAlM0ElMkYlMkZ3d3cudW5kc2duLmNvbXx8dGFyZ2V0OiUyMF9ibGFuayJ9LCIxMzc2OV9pIjp7InNpbmdsZV9saW5rIjoidXJsOmh0dHAlM0ElMkYlMkZ3d3cudW5kc2duLmNvbXx8dGFyZ2V0OiUyMF9ibGFuayJ9LCIxMzc3MF9pIjp7InNpbmdsZV9saW5rIjoidXJsOmh0dHAlM0ElMkYlMkZ3d3cudW5kc2duLmNvbXx8dGFyZ2V0OiUyMF9ibGFuayJ9LCIxMzc2Nl9pIjp7InNpbmdsZV9saW5rIjoidXJsOmh0dHAlM0ElMkYlMkZ3d3cudW5kc2duLmNvbXx8dGFyZ2V0OiUyMF9ibGFuayJ9LCIxMDMyMzRfaSI6eyJpbWFnZXNfc2l6ZSI6Im9uZS1vbmUiLCJzaW5nbGVfbGF5b3V0X21lZGlhX2l0ZW1zIjoibWVkaWF8bm9saW5rfG9yaWdpbmFsLHRpdGxlLGNhcHRpb24sZGVzY3JpcHRpb24sdGVhbS1zb2NpYWwsc2VwLW9uZXxmdWxsIn0sIjEwMzIzMV9pIjp7InNpbmdsZV9sYXlvdXRfbWVkaWFfaXRlbXMiOiJtZWRpYXxub2xpbmt8b3JpZ2luYWwsdGl0bGUsY2FwdGlvbixkZXNjcmlwdGlvbix0ZWFtLXNvY2lhbCxzZXAtb25lfGZ1bGwifSwiMTAzMjMwX2kiOnsic2luZ2xlX2xheW91dF9tZWRpYV9pdGVtcyI6Im1lZGlhfG5vbGlua3xvcmlnaW5hbCx0aXRsZSxjYXB0aW9uLGRlc2NyaXB0aW9uLHRlYW0tc29jaWFsLHNlcC1vbmV8ZnVsbCJ9LCIxMDMyMzJfaSI6eyJzaW5nbGVfbGF5b3V0X21lZGlhX2l0ZW1zIjoibWVkaWF8bm9saW5rfG9yaWdpbmFsLHRpdGxlLGNhcHRpb24sZGVzY3JpcHRpb24sdGVhbS1zb2NpYWwsc2VwLW9uZXxmdWxsIn0sIjEwMzIzM19pIjp7InNpbmdsZV9sYXlvdXRfbWVkaWFfaXRlbXMiOiJtZWRpYXxub2xpbmt8b3JpZ2luYWwsdGl0bGUsY2FwdGlvbixkZXNjcmlwdGlvbix0ZWFtLXNvY2lhbCxzZXAtb25lfGZ1bGwifSwiMTAzMjM1X2kiOnsic2luZ2xlX2xheW91dF9tZWRpYV9pdGVtcyI6Im1lZGlhfG5vbGlua3xvcmlnaW5hbCx0aXRsZSxjYXB0aW9uLGRlc2NyaXB0aW9uLHRlYW0tc29jaWFsLHNlcC1vbmV8ZnVsbCJ9LCIxMDMyNDVfaSI6eyJzaW5nbGVfbGF5b3V0X21lZGlhX2l0ZW1zIjoibWVkaWF8bm9saW5rfG9yaWdpbmFsLHRpdGxlLGNhcHRpb24sZGVzY3JpcHRpb24sdGVhbS1zb2NpYWwifX0=&#8221; uncode_shortcode_id=&#8221;995188&#8243;][\/vc_column][\/vc_row][vc_row row_height_percent=&#8221;0&#8243; back_color=&#8221;color-772760&#8243; overlay_alpha=&#8221;50&#8243; gutter_size=&#8221;3&#8243; column_width_percent=&#8221;100&#8243; shift_y=&#8221;0&#8243; z_index=&#8221;0&#8243; uncode_shortcode_id=&#8221;413310&#8243; back_color_type=&#8221;uncode-palette&#8221;][vc_column width=&#8221;1\/1&#8243;][vc_empty_space empty_h=&#8221;0&#8243;][\/vc_column][\/vc_row][vc_row row_height_percent=&#8221;0&#8243; override_padding=&#8221;yes&#8221; h_padding=&#8221;2&#8243; top_padding=&#8221;0&#8243; bottom_padding=&#8221;5&#8243; back_color=&#8221;color-772760&#8243; overlay_alpha=&#8221;50&#8243; gutter_size=&#8221;4&#8243; column_width_percent=&#8221;100&#8243; shift_y=&#8221;0&#8243; z_index=&#8221;0&#8243; uncode_shortcode_id=&#8221;202551&#8243; back_color_type=&#8221;uncode-palette&#8221;][vc_column column_width_percent=&#8221;100&#8243; gutter_size=&#8221;2&#8243; style=&#8221;dark&#8221; overlay_alpha=&#8221;50&#8243; shift_x=&#8221;0&#8243; shift_y=&#8221;0&#8243; shift_y_down=&#8221;0&#8243; z_index=&#8221;0&#8243; medium_width=&#8221;3&#8243; mobile_width=&#8221;0&#8243; width=&#8221;1\/3&#8243; uncode_shortcode_id=&#8221;150666&#8243;][vc_custom_heading heading_semantic=&#8221;h3&#8243; text_size=&#8221;h3&#8243; text_weight=&#8221;500&#8243; uncode_shortcode_id=&#8221;149733&#8243;]Ota yhteytt\u00e4 saadaksesi lis\u00e4tietoja tai kyselyit\u00e4 varten::[\/vc_custom_heading][vc_empty_space][vc_custom_heading heading_semantic=&#8221;h3&#8243; text_size=&#8221;h3&#8243; text_weight=&#8221;500&#8243; uncode_shortcode_id=&#8221;181707&#8243;]Lucas Ramsay, yksik\u00f6njohtaja[\/vc_custom_heading][vc_column_text text_lead=&#8221;yes&#8221; uncode_shortcode_id=&#8221;164748&#8243;]+358 44 491 4408<br \/>\nlucas.ramsay@bergsglantan.fi[\/vc_column_text][\/vc_column][vc_column column_width_percent=&#8221;100&#8243; gutter_size=&#8221;2&#8243; style=&#8221;dark&#8221; overlay_alpha=&#8221;50&#8243; shift_x=&#8221;0&#8243; shift_y=&#8221;0&#8243; shift_y_down=&#8221;0&#8243; z_index=&#8221;0&#8243; medium_width=&#8221;5&#8243; mobile_width=&#8221;0&#8243; width=&#8221;2\/3&#8243; uncode_shortcode_id=&#8221;521590&#8243;][vc_custom_heading uncode_shortcode_id=&#8221;565287&#8243;]Ota yhteytt\u00e4 Bergsgl\u00e4ntaniin[\/vc_custom_heading]\n<div class=\"wpcf7 no-js\" id=\"wpcf7-f10131-o1\" lang=\"sv-SE\" dir=\"ltr\" data-wpcf7-id=\"10131\">\n<div class=\"screen-reader-response\"><p role=\"status\" aria-live=\"polite\" aria-atomic=\"true\"><\/p> <ul><\/ul><\/div>\n<form action=\"\/fi\/wp-json\/wp\/v2\/pages\/110913#wpcf7-f10131-o1\" method=\"post\" class=\"wpcf7-form init input-background form-no-labels\" aria-label=\"Kontaktformul\u00e4r\" novalidate=\"novalidate\" data-status=\"init\">\n<fieldset class=\"hidden-fields-container\"><input type=\"hidden\" name=\"_wpcf7\" value=\"10131\" \/><input type=\"hidden\" name=\"_wpcf7_version\" value=\"6.1.5\" \/><input type=\"hidden\" name=\"_wpcf7_locale\" value=\"sv_SE\" \/><input type=\"hidden\" name=\"_wpcf7_unit_tag\" value=\"wpcf7-f10131-o1\" \/><input type=\"hidden\" name=\"_wpcf7_container_post\" value=\"0\" \/><input type=\"hidden\" name=\"_wpcf7_posted_data_hash\" value=\"\" \/>\n<\/fieldset>\n<div class=\"wpcf7-inline-wrapper\">\n\t<p class=\"wpcf7-inline-field\"><span class=\"wpcf7-form-control-wrap\" data-name=\"your-fullname\"><input size=\"40\" maxlength=\"400\" class=\"wpcf7-form-control wpcf7-text wpcf7-validates-as-required\" aria-required=\"true\" aria-invalid=\"false\" placeholder=\"Namn *\" value=\"\" type=\"text\" name=\"your-fullname\" \/><\/span>\n\t<\/p>\n\t<p class=\"wpcf7-inline-field\"><label for=\"email\" class=\"wpcf7-inline-field\">Email*<\/label><br \/>\n<span class=\"wpcf7-form-control-wrap\" data-name=\"email\"><input size=\"40\" maxlength=\"400\" class=\"wpcf7-form-control wpcf7-email wpcf7-validates-as-required wpcf7-text wpcf7-validates-as-email\" id=\"email\" aria-required=\"true\" aria-invalid=\"false\" placeholder=\"E-post\" value=\"\" type=\"email\" name=\"email\" \/><\/span>\n\t<\/p>\n<\/div>\n<p><label for=\"your-message\">Your Message<\/label><br \/>\n<span class=\"wpcf7-form-control-wrap\" data-name=\"your-message\"><textarea cols=\"40\" rows=\"10\" maxlength=\"2000\" class=\"wpcf7-form-control wpcf7-textarea\" id=\"your-message\" aria-invalid=\"false\" placeholder=\"Meddelande\" name=\"your-message\"><\/textarea><\/span>\n<\/p>\n<p><span class=\"wpcf7-form-control-wrap\" data-name=\"accept-this-1\"><span class=\"wpcf7-form-control wpcf7-acceptance\"><span class=\"wpcf7-list-item\"><label><input type=\"checkbox\" name=\"accept-this-1\" value=\"1\" aria-invalid=\"false\" \/><span class=\"wpcf7-list-item-label\">Godk\u00e4nnande av villkoren (<a href=\"https:\/\/www.villanova.fi\/dataskydd\/\">Dataskydd<\/a>)<\/span><\/label><\/span><\/span><\/span>\n<\/p>\n<p><input class=\"wpcf7-form-control wpcf7-submit has-spinner btn btn-default btn-block btn-lg btn-circle btn-inherit font-weight-500\" type=\"submit\" value=\"Skicka meddelande\" \/>\n<\/p><p style=\"display: none !important;\" class=\"akismet-fields-container\" data-prefix=\"_wpcf7_ak_\"><label>&#916;<textarea name=\"_wpcf7_ak_hp_textarea\" cols=\"45\" rows=\"8\" maxlength=\"100\"><\/textarea><\/label><input type=\"hidden\" id=\"ak_js_1\" name=\"_wpcf7_ak_js\" value=\"102\"\/><script>document.getElementById( \"ak_js_1\" ).setAttribute( \"value\", ( new Date() ).getTime() );<\/script><\/p><div class=\"wpcf7-response-output\" aria-hidden=\"true\"><\/div>\n<\/form>\n<\/div>\n[\/vc_column][\/vc_row][vc_row row_height_percent=&#8221;0&#8243; override_padding=&#8221;yes&#8221; h_padding=&#8221;2&#8243; top_padding=&#8221;0&#8243; bottom_padding=&#8221;4&#8243; back_color=&#8221;color-493185&#8243; overlay_alpha=&#8221;50&#8243; gutter_size=&#8221;3&#8243; column_width_percent=&#8221;100&#8243; shift_y=&#8221;0&#8243; z_index=&#8221;0&#8243; uncode_shortcode_id=&#8221;713274&#8243; back_color_type=&#8221;uncode-palette&#8221;][vc_column width=&#8221;1\/1&#8243;][vc_empty_space empty_h=&#8221;1&#8243;][vc_custom_heading uncode_shortcode_id=&#8221;185666&#8243;]Kuvia toiminnastamme[\/vc_custom_heading][vc_gallery el_id=&#8221;gallery-1514825&#8243; isotope_mode=&#8221;fitRows&#8221; medias=&#8221;103683,103682,103684,103685,103687,103686,103690,103688,103689,103691,103692,103693,103694,103695,103487,103475,103474,103489,103480,103493&#8243; gutter_size=&#8221;2&#8243; screen_lg=&#8221;480&#8243; screen_md=&#8221;480&#8243; screen_sm=&#8221;200&#8243; single_width=&#8221;3&#8243; images_size=&#8221;one-one&#8221; single_overlay_opacity=&#8221;20&#8243; single_image_anim=&#8221;no&#8221; single_h_align=&#8221;center&#8221; single_padding=&#8221;2&#8243; single_icon=&#8221;fa fa-plus2&#8243; single_border=&#8221;yes&#8221; items=&#8221;eyI1NjY4OF9pIjp7InNpbmdsZV9pY29uIjoiIiwic2luZ2xlX3dpZHRoIjoiMTIiLCJpbWFnZXNfc2l6ZSI6InNpeHRlZW4tbmluZSJ9LCI1ODQ3MF9pIjp7InNpbmdsZV93aWR0aCI6IjEyIiwiaW1hZ2VzX3NpemUiOiJmb3VyLXRocmVlIn19&#8243; uncode_shortcode_id=&#8221;605055&#8243;][\/vc_column][\/vc_row][vc_row row_height_percent=&#8221;0&#8243; override_padding=&#8221;yes&#8221; h_padding=&#8221;2&#8243; top_padding=&#8221;5&#8243; bottom_padding=&#8221;5&#8243; back_color=&#8221;color-772760&#8243; overlay_alpha=&#8221;50&#8243; gutter_size=&#8221;4&#8243; column_width_percent=&#8221;100&#8243; shift_y=&#8221;0&#8243; z_index=&#8221;0&#8243; uncode_shortcode_id=&#8221;491428&#8243; back_color_type=&#8221;uncode-palette&#8221;][vc_column column_width_use_pixel=&#8221;yes&#8221; position_vertical=&#8221;middle&#8221; align_horizontal=&#8221;align_center&#8221; gutter_size=&#8221;3&#8243; style=&#8221;dark&#8221; overlay_alpha=&#8221;50&#8243; shift_x=&#8221;0&#8243; shift_y=&#8221;0&#8243; shift_y_down=&#8221;0&#8243; z_index=&#8221;0&#8243; medium_width=&#8221;0&#8243; mobile_width=&#8221;0&#8243; css_animation=&#8221;alpha-anim&#8221; animation_speed=&#8221;1000&#8243; width=&#8221;1\/1&#8243; column_width_pixel=&#8221;920&#8243; uncode_shortcode_id=&#8221;107575&#8243;][vc_custom_heading heading_semantic=&#8221;h6&#8243; text_size=&#8221;&#8221; text_weight=&#8221;400&#8243; uncode_shortcode_id=&#8221;133979&#8243;]\u201cAika Bergsgl\u00e4ntanissa tuntui minusta hyvin perheelt\u00e4, ja sain motivaatiota ty\u00f6skennell\u00e4 itseni kanssa ja jatkaa eteenp\u00e4in el\u00e4m\u00e4ss\u00e4.&#8221;[\/vc_custom_heading][vc_column_text uncode_shortcode_id=&#8221;104419&#8243;]\u2e3a Entinen nuori Bergsgl\u00e4ntanissa[\/vc_column_text][\/vc_column][\/vc_row]<\/p>\n<\/div>","protected":false},"excerpt":{"rendered":"<p>[vc_row row_height_percent=&#8221;100&#8243; back_image=&#8221;103598&#8243; overlay_alpha=&#8221;50&#8243; gutter_size=&#8221;3&#8243; column_width_percent=&#8221;100&#8243; shift_y=&#8221;0&#8243; z_index=&#8221;0&#8243; uncode_shortcode_id=&#8221;998796&#8243;][vc_column column_width_percent=&#8221;100&#8243; position_vertical=&#8221;middle&#8221; align_horizontal=&#8221;align_center&#8221; gutter_size=&#8221;3&#8243; overlay_alpha=&#8221;50&#8243; shift_x=&#8221;0&#8243; shift_y=&#8221;0&#8243; shift_y_down=&#8221;0&#8243; z_index=&#8221;0&#8243; medium_width=&#8221;0&#8243; mobile_width=&#8221;0&#8243; [&hellip;]<\/p>\n","protected":false},"author":1,"featured_media":0,"parent":0,"menu_order":0,"comment_status":"closed","ping_status":"closed","template":"","meta":{"footnotes":""},"class_list":["post-110913","page","type-page","status-publish","hentry"],"yoast_head":"<!-- This site is optimized with the Yoast SEO plugin v27.2 - https:\/\/yoast.com\/product\/yoast-seo-wordpress\/ -->\n<title>Bergsgl\u00e4ntan - Villa Nova Jakobstad Ab<\/title>\n<meta name=\"description\" content=\"Bergsgl\u00e4ntan on kaksikielinen lastensuojeluyksikk\u00f6, jossa on 7 paikkaa Pietarsaaressa. Bergsgl\u00e4ntan tarjoaa ymp\u00e4rivuorokautista hoitoa 10\u201318-vuotiaille lapsille ja nuorille. Lis\u00e4ksi tarjoamme hyvin j\u00e4sennelty\u00e4 j\u00e4lkihuoltoa nuorille heid\u00e4n omissa asunnoissaan.\" \/>\n<meta name=\"robots\" content=\"index, follow, max-snippet:-1, max-image-preview:large, max-video-preview:-1\" \/>\n<link rel=\"canonical\" href=\"https:\/\/www.villanova.fi\/fi\/bergsglantan\/\" \/>\n<meta property=\"og:locale\" content=\"fi_FI\" \/>\n<meta property=\"og:type\" content=\"article\" \/>\n<meta property=\"og:title\" content=\"Bergsgl\u00e4ntan - Villa Nova Jakobstad Ab\" \/>\n<meta property=\"og:description\" content=\"Bergsgl\u00e4ntan on kaksikielinen lastensuojeluyksikk\u00f6, jossa on 7 paikkaa Pietarsaaressa. Bergsgl\u00e4ntan tarjoaa ymp\u00e4rivuorokautista hoitoa 10\u201318-vuotiaille lapsille ja nuorille. Lis\u00e4ksi tarjoamme hyvin j\u00e4sennelty\u00e4 j\u00e4lkihuoltoa nuorille heid\u00e4n omissa asunnoissaan.\" \/>\n<meta property=\"og:url\" content=\"https:\/\/www.villanova.fi\/fi\/bergsglantan\/\" \/>\n<meta property=\"og:site_name\" content=\"Villa Nova Jakobstad Ab\" \/>\n<meta property=\"article:modified_time\" content=\"2025-09-17T07:40:34+00:00\" \/>\n<meta name=\"twitter:card\" content=\"summary_large_image\" \/>\n<meta name=\"twitter:label1\" content=\"Arvioitu lukuaika\" \/>\n\t<meta name=\"twitter:data1\" content=\"9 minuuttia\" \/>\n<script type=\"application\/ld+json\" class=\"yoast-schema-graph\">{\"@context\":\"https:\/\/schema.org\",\"@graph\":[{\"@type\":\"WebPage\",\"@id\":\"https:\/\/www.villanova.fi\/fi\/bergsglantan\/\",\"url\":\"https:\/\/www.villanova.fi\/fi\/bergsglantan\/\",\"name\":\"Bergsgl\u00e4ntan - Villa Nova Jakobstad Ab\",\"isPartOf\":{\"@id\":\"https:\/\/www.villanova.fi\/#website\"},\"datePublished\":\"2021-11-21T08:29:18+00:00\",\"dateModified\":\"2025-09-17T07:40:34+00:00\",\"description\":\"Bergsgl\u00e4ntan on kaksikielinen lastensuojeluyksikk\u00f6, jossa on 7 paikkaa Pietarsaaressa. Bergsgl\u00e4ntan tarjoaa ymp\u00e4rivuorokautista hoitoa 10\u201318-vuotiaille lapsille ja nuorille. Lis\u00e4ksi tarjoamme hyvin j\u00e4sennelty\u00e4 j\u00e4lkihuoltoa nuorille heid\u00e4n omissa asunnoissaan.\",\"breadcrumb\":{\"@id\":\"https:\/\/www.villanova.fi\/fi\/bergsglantan\/#breadcrumb\"},\"inLanguage\":\"fi\",\"potentialAction\":[{\"@type\":\"ReadAction\",\"target\":[\"https:\/\/www.villanova.fi\/fi\/bergsglantan\/\"]}]},{\"@type\":\"BreadcrumbList\",\"@id\":\"https:\/\/www.villanova.fi\/fi\/bergsglantan\/#breadcrumb\",\"itemListElement\":[{\"@type\":\"ListItem\",\"position\":1,\"name\":\"Home\",\"item\":\"https:\/\/www.villanova.fi\/\"},{\"@type\":\"ListItem\",\"position\":2,\"name\":\"Bergsgl\u00e4ntan\"}]},{\"@type\":\"WebSite\",\"@id\":\"https:\/\/www.villanova.fi\/#website\",\"url\":\"https:\/\/www.villanova.fi\/\",\"name\":\"Villa Nova Jakobstad Ab\",\"description\":\"Barnskyddsenheter\",\"publisher\":{\"@id\":\"https:\/\/www.villanova.fi\/#organization\"},\"potentialAction\":[{\"@type\":\"SearchAction\",\"target\":{\"@type\":\"EntryPoint\",\"urlTemplate\":\"https:\/\/www.villanova.fi\/?s={search_term_string}\"},\"query-input\":{\"@type\":\"PropertyValueSpecification\",\"valueRequired\":true,\"valueName\":\"search_term_string\"}}],\"inLanguage\":\"fi\"},{\"@type\":\"Organization\",\"@id\":\"https:\/\/www.villanova.fi\/#organization\",\"name\":\"Villa Nova Jakobstad Ab\",\"url\":\"https:\/\/www.villanova.fi\/\",\"logo\":{\"@type\":\"ImageObject\",\"inLanguage\":\"fi\",\"@id\":\"https:\/\/www.villanova.fi\/#\/schema\/logo\/image\/\",\"url\":\"https:\/\/www.villanova.fi\/wp-content\/uploads\/2022\/01\/VillaNova_logo.png\",\"contentUrl\":\"https:\/\/www.villanova.fi\/wp-content\/uploads\/2022\/01\/VillaNova_logo.png\",\"width\":1598,\"height\":416,\"caption\":\"Villa Nova Jakobstad Ab\"},\"image\":{\"@id\":\"https:\/\/www.villanova.fi\/#\/schema\/logo\/image\/\"}}]}<\/script>\n<!-- \/ Yoast SEO plugin. -->","yoast_head_json":{"title":"Bergsgl\u00e4ntan - Villa Nova Jakobstad Ab","description":"Bergsgl\u00e4ntan on kaksikielinen lastensuojeluyksikk\u00f6, jossa on 7 paikkaa Pietarsaaressa. Bergsgl\u00e4ntan tarjoaa ymp\u00e4rivuorokautista hoitoa 10\u201318-vuotiaille lapsille ja nuorille. Lis\u00e4ksi tarjoamme hyvin j\u00e4sennelty\u00e4 j\u00e4lkihuoltoa nuorille heid\u00e4n omissa asunnoissaan.","robots":{"index":"index","follow":"follow","max-snippet":"max-snippet:-1","max-image-preview":"max-image-preview:large","max-video-preview":"max-video-preview:-1"},"canonical":"https:\/\/www.villanova.fi\/fi\/bergsglantan\/","og_locale":"fi_FI","og_type":"article","og_title":"Bergsgl\u00e4ntan - Villa Nova Jakobstad Ab","og_description":"Bergsgl\u00e4ntan on kaksikielinen lastensuojeluyksikk\u00f6, jossa on 7 paikkaa Pietarsaaressa. Bergsgl\u00e4ntan tarjoaa ymp\u00e4rivuorokautista hoitoa 10\u201318-vuotiaille lapsille ja nuorille. Lis\u00e4ksi tarjoamme hyvin j\u00e4sennelty\u00e4 j\u00e4lkihuoltoa nuorille heid\u00e4n omissa asunnoissaan.","og_url":"https:\/\/www.villanova.fi\/fi\/bergsglantan\/","og_site_name":"Villa Nova Jakobstad Ab","article_modified_time":"2025-09-17T07:40:34+00:00","twitter_card":"summary_large_image","twitter_misc":{"Arvioitu lukuaika":"9 minuuttia"},"schema":{"@context":"https:\/\/schema.org","@graph":[{"@type":"WebPage","@id":"https:\/\/www.villanova.fi\/fi\/bergsglantan\/","url":"https:\/\/www.villanova.fi\/fi\/bergsglantan\/","name":"Bergsgl\u00e4ntan - Villa Nova Jakobstad Ab","isPartOf":{"@id":"https:\/\/www.villanova.fi\/#website"},"datePublished":"2021-11-21T08:29:18+00:00","dateModified":"2025-09-17T07:40:34+00:00","description":"Bergsgl\u00e4ntan on kaksikielinen lastensuojeluyksikk\u00f6, jossa on 7 paikkaa Pietarsaaressa. Bergsgl\u00e4ntan tarjoaa ymp\u00e4rivuorokautista hoitoa 10\u201318-vuotiaille lapsille ja nuorille. Lis\u00e4ksi tarjoamme hyvin j\u00e4sennelty\u00e4 j\u00e4lkihuoltoa nuorille heid\u00e4n omissa asunnoissaan.","breadcrumb":{"@id":"https:\/\/www.villanova.fi\/fi\/bergsglantan\/#breadcrumb"},"inLanguage":"fi","potentialAction":[{"@type":"ReadAction","target":["https:\/\/www.villanova.fi\/fi\/bergsglantan\/"]}]},{"@type":"BreadcrumbList","@id":"https:\/\/www.villanova.fi\/fi\/bergsglantan\/#breadcrumb","itemListElement":[{"@type":"ListItem","position":1,"name":"Home","item":"https:\/\/www.villanova.fi\/"},{"@type":"ListItem","position":2,"name":"Bergsgl\u00e4ntan"}]},{"@type":"WebSite","@id":"https:\/\/www.villanova.fi\/#website","url":"https:\/\/www.villanova.fi\/","name":"Villa Nova Jakobstad Ab","description":"Barnskyddsenheter","publisher":{"@id":"https:\/\/www.villanova.fi\/#organization"},"potentialAction":[{"@type":"SearchAction","target":{"@type":"EntryPoint","urlTemplate":"https:\/\/www.villanova.fi\/?s={search_term_string}"},"query-input":{"@type":"PropertyValueSpecification","valueRequired":true,"valueName":"search_term_string"}}],"inLanguage":"fi"},{"@type":"Organization","@id":"https:\/\/www.villanova.fi\/#organization","name":"Villa Nova Jakobstad Ab","url":"https:\/\/www.villanova.fi\/","logo":{"@type":"ImageObject","inLanguage":"fi","@id":"https:\/\/www.villanova.fi\/#\/schema\/logo\/image\/","url":"https:\/\/www.villanova.fi\/wp-content\/uploads\/2022\/01\/VillaNova_logo.png","contentUrl":"https:\/\/www.villanova.fi\/wp-content\/uploads\/2022\/01\/VillaNova_logo.png","width":1598,"height":416,"caption":"Villa Nova Jakobstad Ab"},"image":{"@id":"https:\/\/www.villanova.fi\/#\/schema\/logo\/image\/"}}]}},"_links":{"self":[{"href":"https:\/\/www.villanova.fi\/fi\/wp-json\/wp\/v2\/pages\/110913","targetHints":{"allow":["GET"]}}],"collection":[{"href":"https:\/\/www.villanova.fi\/fi\/wp-json\/wp\/v2\/pages"}],"about":[{"href":"https:\/\/www.villanova.fi\/fi\/wp-json\/wp\/v2\/types\/page"}],"author":[{"embeddable":true,"href":"https:\/\/www.villanova.fi\/fi\/wp-json\/wp\/v2\/users\/1"}],"replies":[{"embeddable":true,"href":"https:\/\/www.villanova.fi\/fi\/wp-json\/wp\/v2\/comments?post=110913"}],"version-history":[{"count":1,"href":"https:\/\/www.villanova.fi\/fi\/wp-json\/wp\/v2\/pages\/110913\/revisions"}],"predecessor-version":[{"id":110926,"href":"https:\/\/www.villanova.fi\/fi\/wp-json\/wp\/v2\/pages\/110913\/revisions\/110926"}],"wp:attachment":[{"href":"https:\/\/www.villanova.fi\/fi\/wp-json\/wp\/v2\/media?parent=110913"}],"curies":[{"name":"wp","href":"https:\/\/api.w.org\/{rel}","templated":true}]}}